{"id":1979,"date":"2018-08-31T14:03:06","date_gmt":"2018-08-31T17:03:06","guid":{"rendered":"https:\/\/ens9002-mza.infd.edu.ar\/sitio\/informacion-para-alumnos\/"},"modified":"2026-04-28T15:49:45","modified_gmt":"2026-04-28T18:49:45","slug":"informacion-para-alumnos","status":"publish","type":"page","link":"https:\/\/ens9002-infd.mendoza.edu.ar\/sitio\/informacion-para-alumnos\/","title":{"rendered":"Info estudiantes"},"content":{"rendered":"\n<div style=\"height:39px\" aria-hidden=\"true\" class=\"wp-block-spacer\"><\/div>\n\n\n\n<div class=\"wp-block-buttons has-custom-font-size is-content-justification-center is-layout-flex wp-container-1\" style=\"font-size:40px\">\n<div class=\"wp-block-button has-custom-font-size is-style-fill has-large-font-size\"><a class=\"wp-block-button__link has-base-3-color has-text-color has-background has-text-align-center wp-element-button\" href=\"https:\/\/dti.mendoza.edu.ar\/superior\/alumnos\/public\/\" style=\"border-radius:27px;background-color:#0097b2\" target=\"_blank\" rel=\"noreferrer noopener\">INGRESO SISTEMA DES<\/a><\/div>\n<\/div>\n\n\n\n<p class=\"has-text-align-center\">CLICK AQUI PARA INSCRIPCIONES EN EL SISTEMA DES<\/p>\n\n\n\n<div style=\"height:46px\" aria-hidden=\"true\" class=\"wp-block-spacer\"><\/div>\n\n\n\n<div class=\"wp-block-columns is-layout-flex wp-container-5\">\n<div class=\"wp-block-column is-layout-flow\"><div class=\"wp-block-image\">\n<figure class=\"aligncenter size-full is-resized\"><a href=\"https:\/\/ens9002-infd.mendoza.edu.ar\/sitio\/cronogramas-y-horarios\/\"><img decoding=\"async\" loading=\"lazy\" src=\"https:\/\/ens9002-infd.mendoza.edu.ar\/sitio\/wp-content\/uploads\/2024\/03\/4.png\" alt=\"\" class=\"wp-image-14769\" width=\"250\" height=\"270\"\/><\/a><\/figure><\/div>\n\n\n<p class=\"has-text-align-center has-base-3-color has-text-color has-background\" style=\"background-color:#0097b2\">CALENDARIOS Y HORARIOS<\/p>\n<\/div>\n\n\n\n<div class=\"wp-block-column is-layout-flow\"><div class=\"wp-block-image\">\n<figure class=\"aligncenter size-full is-resized\"><a href=\"https:\/\/ens9002-infd.mendoza.edu.ar\/sitio\/campus-virtual\/\"><img decoding=\"async\" loading=\"lazy\" src=\"https:\/\/ens9002-infd.mendoza.edu.ar\/sitio\/wp-content\/uploads\/2024\/03\/2.png\" alt=\"\" class=\"wp-image-14767\" width=\"250\" height=\"270\"\/><\/a><\/figure><\/div>\n\n\n<p class=\"has-text-align-center has-base-3-color has-text-color has-background\" style=\"background-color:#0097b2\">CAMPUS VIRTUAL<\/p>\n<\/div>\n\n\n\n<div class=\"wp-block-column is-layout-flow\"><div class=\"wp-block-image\">\n<figure class=\"aligncenter size-full is-resized\"><a href=\"https:\/\/ens9002-infd.mendoza.edu.ar\/sitio\/informacion-bedelia\/\"><img decoding=\"async\" loading=\"lazy\" src=\"https:\/\/ens9002-infd.mendoza.edu.ar\/sitio\/wp-content\/uploads\/2024\/03\/3.png\" alt=\"\" class=\"wp-image-14768\" width=\"250\" height=\"253\"\/><\/a><\/figure><\/div>\n\n\n<p class=\"has-text-align-center has-base-3-color has-text-color has-background\" style=\"background-color:#0097b2\">BEDEL\u00cdAS<\/p>\n<\/div>\n<\/div>\n\n\n\n<div class=\"wp-block-buttons is-content-justification-center is-layout-flex wp-container-6\">\n<div class=\"wp-block-button\"><a class=\"wp-block-button__link wp-element-button\" href=\"https:\/\/ens9002-infd.mendoza.edu.ar\/sitio\/wp-content\/uploads\/2024\/04\/ANEXO-RS-2024-01591536-GDEMZA-DGE-RAM-NIV.SUP_.pdf\" style=\"border-radius:25px\" target=\"_blank\" rel=\"noreferrer noopener\"><strong>RAM<\/strong> | R\u00e9gimen Acad\u00e9mico Marco <\/a><\/div>\n\n\n\n<div class=\"wp-block-button\"><a class=\"wp-block-button__link has-background wp-element-button\" href=\"https:\/\/ens9002-infd.mendoza.edu.ar\/sitio\/wp-content\/uploads\/2024\/11\/ANEXO-RAI-IES-N\u00b0-9002.pdf\" style=\"background-color:#045f74\" target=\"_blank\" rel=\"noreferrer noopener\"><strong>RAI <\/strong>| R\u00e9gimen Acad\u00e9mico Institucional<\/a><\/div>\n<\/div>\n\n\n\n<p class=\"has-base-3-color has-text-color has-background has-medium-font-size\" style=\"background-color:#0097b2\"><strong>INFORMACI\u00d3N DE INTER\u00c9S PARA INGRESANTES<\/strong><\/p>\n\n\n\n<p class=\"has-medium-font-size\"><strong>DOCUMENTACI\u00d3N A PRESENTAR<\/strong><\/p>\n\n\n\n<p>Luego de rendir los ex\u00e1menes de ingreso y constatar que ingresaste a primer a\u00f1o de cualquiera de nuestras carreras, es necesario que presentes la documentaci\u00f3n que detallamos abajo. Deb\u00e9s enviarla por correo electr\u00f3nico a la bedel\u00eda correspondiente*. Ten\u00e9s tiempo de presentar la documentaci\u00f3n hasta 60 d\u00edas posteriores al inicio de cursado, con excepci\u00f3n del certificado de conclusi\u00f3n de estudios secundarios, el cual tendr\u00e1 como plazo m\u00e1ximo el primer d\u00eda de inicio del segundo cuatrimestre. Cuando env\u00edes el correo, inclu\u00ed siempre tu nombre y apellido, DNI, comisi\u00f3n en la que curs\u00e1s, a\u00f1o de ingreso.<\/p>\n\n\n\n<p>Es necesario que adjuntes (foto o escaneo convertido a PDF):<\/p>\n\n\n\n<ul>\n<li>DNI de ambos lados<\/li>\n\n\n\n<li>Partida de nacimiento<\/li>\n\n\n\n<li>Certificado anal\u00edtico de educaci\u00f3n secundaria o comprobante de certificado anal\u00edtico en tr\u00e1mite<\/li>\n\n\n\n<li>Certificado de aptitud psicof\u00edsica emitido por un <em>efector p\u00fablico<\/em> <\/li>\n\n\n\n<li>Constancia de CUIT\/CUIL<\/li>\n\n\n\n<li>Certificado de antecedentes penales<\/li>\n\n\n\n<li>CUD (Certificado \u00danico de Discapacidad) si lo tiene y desea presentarlo<\/li>\n\n\n\n<li>Certificado de vacunas de T\u00e9tanos y Hepatitis B (solo para ingresantes al profesorado de Artes Visuales y a la tecnicatura en Producci\u00f3n Art\u00edstica y Artesanal)<\/li>\n\n\n\n<li>Adem\u00e1s, solicitamos que te realices cuanto antes el&nbsp;<strong>estudio de cuerdas vocales por medio de videofibroscop\u00eda lar\u00edngea<\/strong>, a cargo de un m\u00e9dico o m\u00e9dica ORL -para determinar la estructura y funci\u00f3n lar\u00edngea- (excepto para estudiantes de la tecnicatura en Producci\u00f3n Art\u00edstica y Artesanal) en una instituci\u00f3n p\u00fablica. Actualmente se efect\u00faa en hospital Central, Lagomaggiore y Paroissien-. Para solicitar la derivaci\u00f3n, previamente es necesario que env\u00edes un correo a <a href=\"http:\/\/proauvoztgc@gmailcom\">proauvoztgc@gmail.com<\/a>. En el cuerpo del mensaje escrib\u00ed tu nombre y apellido, DNI, profesorado que vas a cursar, a\u00f1o y turno. Luego de que te practiques el estudio y obtengas el informe, deb\u00e9s enviar foto o escaneo del resultado convertido a PDF a&nbsp;<a rel=\"noreferrer noopener\" href=\"mailto:proauvoztgc@gmail.com\" target=\"_blank\">proauvoztgc@gmail.com<\/a>&nbsp;<strong>y tambi\u00e9n<\/strong> a bedel\u00eda de tu carrera -para conocer m\u00e1s informaci\u00f3n acerca del Programa de Autocuidado de la Voz en la Docencia, hac\u00e9 <a rel=\"noreferrer noopener\" href=\"https:\/\/ens9002-infd.mendoza.edu.ar\/sitio\/autocuidado-de-la-voz\/\" data-type=\"URL\" data-id=\"https:\/\/ens9002-infd.mendoza.edu.ar\/sitio\/autocuidado-de-la-voz\/\" target=\"_blank\">clic aqu\u00ed<\/a>-.<\/li>\n<\/ul>\n\n\n\n<p><strong><em>SI A\u00daN NO ACREDITASTE TODAS LAS MATERIAS DE NIVEL SECUNDARIO Y NO TEN\u00c9S CERTIFICADO ANAL\u00cdTICO, <a rel=\"noreferrer noopener\" href=\"https:\/\/ens9002-infd.mendoza.edu.ar\/sitio\/wp-content\/uploads\/2025\/07\/MEMORANDUM-No-44-DESUP-\u2013-2025-Comunicar-el-plazo-establecido-para-mantener-la-condicionalidad-de-los-estudiantes-que-no-han-acreditado-espacios-curriculares-del-nivel-secundario.pdf\" data-type=\"URL\" data-id=\"https:\/\/ens9002-infd.mendoza.edu.ar\/sitio\/wp-content\/uploads\/2025\/07\/MEMORANDUM-No-44-DESUP-\u2013-2025-Comunicar-el-plazo-establecido-para-mantener-la-condicionalidad-de-los-estudiantes-que-no-han-acreditado-espacios-curriculares-del-nivel-secundario.pdf\" target=\"_blank\">INGRES\u00c1 AQU\u00cd<\/a><\/em><\/strong><\/p>\n\n\n\n<p><strong><em>INFORMACI\u00d3N IMPORTANTE PARA ESTUDIANTES EXTRANJEROS\/AS<\/em><\/strong> &#8211; <a rel=\"noreferrer noopener\" href=\"https:\/\/www.argentina.gob.ar\/educacion\/tramites\/convalidar-titulo-secundario-de-paises-con-convenio\" data-type=\"URL\" data-id=\"https:\/\/www.argentina.gob.ar\/educacion\/tramites\/convalidar-titulo-secundario-de-paises-con-convenio\" target=\"_blank\">toc\u00e1 aqu\u00ed<\/a> para acceder<\/p>\n\n\n\n<p>*<strong>Seg\u00fan la carrera que curs\u00e1s, deb\u00e9s remitir los archivos a los siguientes correos:<\/strong><\/p>\n\n\n\n<ul>\n<li>Profesorado de Artes Visuales | <a rel=\"noreferrer noopener\" href=\"mailto:bedelprofartesvisuales.tgc@gmail.com\" target=\"_blank\">bedelprofartesvisuales.tgc@gmail.com<\/a><\/li>\n\n\n\n<li>Profesorado de Biolog\u00eda | <a href=\"mailto:bedelbiologia.tgc@gmail.com\" target=\"_blank\" rel=\"noreferrer noopener\">bedelbiologia.tgc@gmail.com<\/a><\/li>\n\n\n\n<li>Profesorado de Educaci\u00f3n Especial | <a href=\"mailto:bedelespecial.tgc@gmail.com\" target=\"_blank\" rel=\"noreferrer noopener\">bedelespecial.tgc@gmail.com<\/a><\/li>\n\n\n\n<li>Profesorado de Educaci\u00f3n Inicial | <a href=\"mailto:bedelinicial.tgc@gmail.com\" target=\"_blank\" rel=\"noreferrer noopener\">bedelinicial.tgc@gmail.com<\/a> <\/li>\n\n\n\n<li>Profesorado de Educaci\u00f3n Primaria | <a href=\"mailto:bedelpep.tgc@gmail.com\" target=\"_blank\" rel=\"noreferrer noopener\">bedelpep.tgc@gmail.com<\/a><\/li>\n\n\n\n<li>Profesorado de F\u00edsica | <a rel=\"noreferrer noopener\" href=\"mailto:bedelfisica.tgc@gmail.com\" target=\"_blank\">bedelfisica.tgc@gmail.com<\/a><\/li>\n\n\n\n<li>Profesorado de Ingl\u00e9s | <a rel=\"noreferrer noopener\" href=\"bedelingles.tgc@gmail.com\" data-type=\"URL\" data-id=\"bedelingles.tgc@gmail.com\" target=\"_blank\">bedelingles.tgc@gmail.com<\/a><\/li>\n\n\n\n<li>Profesorado de Lengua y Literatura | <a href=\"mailto:bedellenguayliteratura.tgc@gmail.com\" target=\"_blank\" rel=\"noreferrer noopener\">bedellenguayliteratura.tgc@gmail.com<\/a> <\/li>\n\n\n\n<li>Profesorado de Matem\u00e1tica | <a href=\"mailto:bedelmatematica.tgc@gmail.com\" target=\"_blank\" rel=\"noreferrer noopener\">bedelmatematica.tgc@gmail.com<\/a><\/li>\n\n\n\n<li>Profesorado de Qu\u00edmica | <a rel=\"noreferrer noopener\" href=\"mailto:bedelquimica.tgc@gmail.com\" target=\"_blank\">bedelquimica@gmail.com<\/a><\/li>\n\n\n\n<li>Tecnicatura en Producci\u00f3n Art\u00edstica y Artesanal | <a href=\"mailto:bedeltecnicatura.tgc@gmail.com\" target=\"_blank\" rel=\"noreferrer noopener\">bedeltecnicatura.tgc@gmail.com<\/a><\/li>\n<\/ul>\n\n\n\n<p>Estas casillas se utilizar\u00e1n solamente para recibir documentaci\u00f3n y solo de la carrera a la que corresponde.<\/p>\n\n\n\n<p>Adem\u00e1s, solicitamos que te realices cuanto antes el&nbsp;<strong>estudio de cuerdas vocales por medio de videofibroscop\u00eda lar\u00edngea<\/strong>, a cargo de un m\u00e9dico o m\u00e9dica ORL -para determinar la estructura y funci\u00f3n lar\u00edngea- (excepto para estudiantes de la Tecnicatura en Producci\u00f3n Art\u00edstica y Artesanal). En este caso, podr\u00e1s llevarlo a cabo en una instituci\u00f3n privada o p\u00fablica. Deb\u00e9s enviar foto o escaneo del resultado a&nbsp;<a rel=\"noreferrer noopener\" href=\"mailto:proauvoztgc@gmail.com\" target=\"_blank\">proauvoztgc@gmail.com<\/a>&nbsp;<strong>y tambi\u00e9n<\/strong> al bedel de tu carrera.<\/p>\n\n\n\n<p class=\"has-medium-font-size\"><strong>CAMBIOS DE TURNO<\/strong><\/p>\n\n\n\n<p>Para solicitar <em>cambio de turno<\/em>, deb\u00e9s acercarte al instituto, solicitar el <em>formulario de cambio de turno<\/em>, completarlo, adjuntar certificado laboral y presentarlo en el Anexo de Secci\u00f3n Estudiantil. Luego de una semana, consult\u00e1 el estado de tu solicitud.<\/p>\n\n\n\n<p>Para gestionar un <em>cambio de turno directo<\/em> (es decir, con un\/a estudiante de otro turno que quiera cambiarse al turno en el que est\u00e1s actualmente), complet\u00e1 la<em> ficha de cambio de turno<\/em> que adjuntamos <a rel=\"noreferrer noopener\" href=\"https:\/\/ens9002-infd.mendoza.edu.ar\/sitio\/wp-content\/uploads\/2024\/03\/FICHA-CAMBIO-DE-TURNO-DIRECTO-COMISON-1o-ANO.xls\" data-type=\"URL\" data-id=\"https:\/\/ens9002-infd.mendoza.edu.ar\/sitio\/wp-content\/uploads\/2024\/03\/FICHA-CAMBIO-DE-TURNO-DIRECTO-COMISON-1o-ANO.xls\" target=\"_blank\">aqu\u00ed<\/a> y luego presentala en el Anexo de Secci\u00f3n Estudiantil.<\/p>\n\n\n\n<p class=\"has-medium-font-size\"><strong>DISTRIBUCI\u00d3N DE AULAS POR PISO<\/strong><\/p>\n\n\n\n<ul>\n<li>PRIMER PISO: ala oeste: aulas 3-4-5 | ala este: aulas 1-2<\/li>\n\n\n\n<li>SEGUNDO PISO: ala oeste: aulas 8-9-10 | ala este: aulas 6-7<\/li>\n\n\n\n<li>TERCER PISO: ala este: aulas 11-12<\/li>\n<\/ul>\n\n\n\n<p class=\"has-medium-font-size\"><\/p>\n\n\n\n<p class=\"has-base-3-color has-text-color has-background has-medium-font-size\" style=\"background-color:#0097b2\"><strong>INFORMACI\u00d3N GENERAL PARA ESTUDIANTES<\/strong><\/p>\n\n\n\n<div class=\"wp-block-columns is-layout-flex wp-container-10\">\n<div class=\"wp-block-column is-layout-flow\">\n<figure class=\"wp-block-image size-full is-resized\"><img decoding=\"async\" loading=\"lazy\" src=\"https:\/\/ens9002-infd.mendoza.edu.ar\/sitio\/wp-content\/uploads\/2025\/03\/WhatsApp-Image-2025-03-17-at-12.02.20.jpeg\" alt=\"\" class=\"wp-image-17897\" width=\"340\" height=\"612\"\/><\/figure>\n<\/div>\n\n\n\n<div class=\"wp-block-column is-layout-flow\"><div class=\"wp-block-image\">\n<figure class=\"aligncenter size-large is-resized\"><img decoding=\"async\" loading=\"lazy\" src=\"https:\/\/ens9002-infd.mendoza.edu.ar\/sitio\/wp-content\/uploads\/2024\/03\/HORAS-DE-1-1069x1900.png\" alt=\"\" class=\"wp-image-15005\" width=\"340\" height=\"607\"\/><\/figure><\/div><\/div>\n\n\n\n<div class=\"wp-block-column is-layout-flow\">\n<figure class=\"wp-block-image size-full is-resized\"><img decoding=\"async\" loading=\"lazy\" src=\"https:\/\/ens9002-infd.mendoza.edu.ar\/sitio\/wp-content\/uploads\/2025\/03\/WhatsApp-Image-2025-03-17-at-11.15.31.jpeg\" alt=\"\" class=\"wp-image-17898\" width=\"340\" height=\"609\"\/><\/figure>\n<\/div>\n<\/div>\n\n\n\n<div style=\"height:70px\" aria-hidden=\"true\" class=\"wp-block-spacer\"><\/div>\n\n\n\n<div class=\"wp-block-columns is-layout-flex wp-container-14\">\n<div class=\"wp-block-column is-layout-flow\"><div class=\"wp-block-image\">\n<figure class=\"aligncenter size-full is-resized\"><img decoding=\"async\" loading=\"lazy\" src=\"https:\/\/ens9002-infd.mendoza.edu.ar\/sitio\/wp-content\/uploads\/2024\/07\/WhatsApp-Image-2024-07-02-at-20.38.58-3.jpeg\" alt=\"\" class=\"wp-image-15693\" width=\"318\" height=\"318\" srcset=\"https:\/\/ens9002-infd.mendoza.edu.ar\/sitio\/wp-content\/uploads\/2024\/07\/WhatsApp-Image-2024-07-02-at-20.38.58-3.jpeg 1417w, https:\/\/ens9002-infd.mendoza.edu.ar\/sitio\/wp-content\/uploads\/2024\/07\/WhatsApp-Image-2024-07-02-at-20.38.58-3-1000x1000.jpeg 1000w, https:\/\/ens9002-infd.mendoza.edu.ar\/sitio\/wp-content\/uploads\/2024\/07\/WhatsApp-Image-2024-07-02-at-20.38.58-3-500x500.jpeg 500w, https:\/\/ens9002-infd.mendoza.edu.ar\/sitio\/wp-content\/uploads\/2024\/07\/WhatsApp-Image-2024-07-02-at-20.38.58-3-768x768.jpeg 768w\" sizes=\"(max-width: 318px) 100vw, 318px\" \/><\/figure><\/div><\/div>\n\n\n\n<div class=\"wp-block-column is-layout-flow\"><div class=\"wp-block-image\">\n<figure class=\"aligncenter size-full is-resized\"><img decoding=\"async\" loading=\"lazy\" src=\"https:\/\/ens9002-infd.mendoza.edu.ar\/sitio\/wp-content\/uploads\/2024\/07\/WhatsApp-Image-2024-07-02-at-20.38.58-1-1.jpeg\" alt=\"\" class=\"wp-image-15694\" width=\"318\" height=\"319\" srcset=\"https:\/\/ens9002-infd.mendoza.edu.ar\/sitio\/wp-content\/uploads\/2024\/07\/WhatsApp-Image-2024-07-02-at-20.38.58-1-1.jpeg 1417w, https:\/\/ens9002-infd.mendoza.edu.ar\/sitio\/wp-content\/uploads\/2024\/07\/WhatsApp-Image-2024-07-02-at-20.38.58-1-1-1000x1000.jpeg 1000w, https:\/\/ens9002-infd.mendoza.edu.ar\/sitio\/wp-content\/uploads\/2024\/07\/WhatsApp-Image-2024-07-02-at-20.38.58-1-1-500x500.jpeg 500w, https:\/\/ens9002-infd.mendoza.edu.ar\/sitio\/wp-content\/uploads\/2024\/07\/WhatsApp-Image-2024-07-02-at-20.38.58-1-1-768x768.jpeg 768w\" sizes=\"(max-width: 318px) 100vw, 318px\" \/><\/figure><\/div><\/div>\n\n\n\n<div class=\"wp-block-column is-layout-flow\"><div class=\"wp-block-image\">\n<figure class=\"aligncenter size-full is-resized\"><img decoding=\"async\" loading=\"lazy\" src=\"https:\/\/ens9002-infd.mendoza.edu.ar\/sitio\/wp-content\/uploads\/2024\/07\/WhatsApp-Image-2024-07-02-at-20.38.58-2-1.jpeg\" alt=\"\" class=\"wp-image-15695\" width=\"318\" height=\"317\" srcset=\"https:\/\/ens9002-infd.mendoza.edu.ar\/sitio\/wp-content\/uploads\/2024\/07\/WhatsApp-Image-2024-07-02-at-20.38.58-2-1.jpeg 1417w, https:\/\/ens9002-infd.mendoza.edu.ar\/sitio\/wp-content\/uploads\/2024\/07\/WhatsApp-Image-2024-07-02-at-20.38.58-2-1-1000x1000.jpeg 1000w, https:\/\/ens9002-infd.mendoza.edu.ar\/sitio\/wp-content\/uploads\/2024\/07\/WhatsApp-Image-2024-07-02-at-20.38.58-2-1-500x500.jpeg 500w, https:\/\/ens9002-infd.mendoza.edu.ar\/sitio\/wp-content\/uploads\/2024\/07\/WhatsApp-Image-2024-07-02-at-20.38.58-2-1-768x768.jpeg 768w\" sizes=\"(max-width: 318px) 100vw, 318px\" \/><\/figure><\/div><\/div>\n<\/div>\n\n\n\n<div style=\"height:100px\" aria-hidden=\"true\" class=\"wp-block-spacer\"><\/div>\n\n\n\n<p class=\"has-text-align-center has-base-3-color has-text-color has-background\" style=\"background-color:#0097b2;font-size:25px\">ACUERDO CONDICIONALIDAD<\/p>\n\n\n\n<div class=\"wp-block-buttons alignwide is-content-justification-center is-layout-flex wp-container-15\">\n<div class=\"wp-block-button\"><a class=\"wp-block-button__link wp-element-button\" href=\"https:\/\/ens9002-infd.mendoza.edu.ar\/sitio\/wp-content\/uploads\/2024\/03\/acta-acuerdo-2024.pdf\" target=\"_blank\" rel=\"noreferrer noopener\"><strong>FORMULARIO ACTA ACUERDO <\/strong>clic aqu\u00ed<\/a><\/div>\n<\/div>\n\n\n\n<figure class=\"wp-block-image is-style-default\"><img decoding=\"async\" loading=\"lazy\" width=\"1000\" height=\"91\" src=\"https:\/\/ens9002-infd.mendoza.edu.ar\/sitio\/wp-content\/uploads\/2020\/10\/Banner-correlatividades-1000x91.jpg\" alt=\"\" class=\"wp-image-6344\" srcset=\"https:\/\/ens9002-infd.mendoza.edu.ar\/sitio\/wp-content\/uploads\/2020\/10\/Banner-correlatividades-1000x91.jpg 1000w, https:\/\/ens9002-infd.mendoza.edu.ar\/sitio\/wp-content\/uploads\/2020\/10\/Banner-correlatividades-768x70.jpg 768w, https:\/\/ens9002-infd.mendoza.edu.ar\/sitio\/wp-content\/uploads\/2020\/10\/Banner-correlatividades.jpg 1094w\" sizes=\"(max-width: 1000px) 100vw, 1000px\" \/><\/figure>\n\n\n\n<ul>\n<li><a href=\"https:\/\/ens9002-infd.mendoza.edu.ar\/sitio\/wp-content\/uploads\/2020\/10\/Artes-Visuales.pdf\" target=\"_blank\" rel=\"noopener\">Profesorado en ARTES VISUALES<\/a><\/li>\n\n\n\n<li><a href=\"https:\/\/ens9002-infd.mendoza.edu.ar\/sitio\/wp-content\/uploads\/2020\/10\/Biolog\u00eda.pdf\" target=\"_blank\" rel=\"noopener\">Profesorado en BIOLOG\u00cdA&nbsp;<\/a><\/li>\n\n\n\n<li><a href=\"https:\/\/ens9002-infd.mendoza.edu.ar\/sitio\/wp-content\/uploads\/2020\/10\/Educaci\u00f3n-Especial.pdf\" target=\"_blank\" rel=\"noopener\">Profesorado de EDUCACI\u00d3N ESPECIAL<\/a><\/li>\n\n\n\n<li><a href=\"https:\/\/ens9002-infd.mendoza.edu.ar\/sitio\/wp-content\/uploads\/2020\/10\/F\u00edsica.pdf\" target=\"_blank\" rel=\"noopener\">Profesorado en F\u00cdSICA<\/a><\/li>\n\n\n\n<li><a href=\"https:\/\/ens9002-infd.mendoza.edu.ar\/sitio\/wp-content\/uploads\/2020\/10\/Lengua-y-Literatura.pdf\" target=\"_blank\" rel=\"noopener\">Profesorado en LENGUA Y LITERATURA<\/a><\/li>\n\n\n\n<li><a href=\"https:\/\/ens9002-infd.mendoza.edu.ar\/sitio\/wp-content\/uploads\/2020\/10\/Matem\u00e1tica.pdf\" target=\"_blank\" rel=\"noopener\">Profesorado en MATEM\u00c1TICA<\/a><\/li>\n\n\n\n<li><a href=\"https:\/\/ens9002-infd.mendoza.edu.ar\/sitio\/wp-content\/uploads\/2020\/10\/Qu\u00edmica.pdf\" target=\"_blank\" rel=\"noopener\">Profesorado en QU\u00cdMICA<\/a><\/li>\n\n\n\n<li><a rel=\"noopener\" href=\"https:\/\/ens9002-infd.mendoza.edu.ar\/sitio\/wp-content\/uploads\/2020\/10\/Tecnicatura.pdf\" target=\"_blank\">Tecnicatura en PRODUCCI\u00d3N ART\u00cdSTICA Y ARTESANAL<\/a><\/li>\n<\/ul>\n\n\n\n<hr class=\"wp-block-separator has-alpha-channel-opacity\"\/>\n\n\n\n<p class=\"has-accent-color has-text-color has-medium-font-size\"><em><strong>PLANES NUEVOS<\/strong><\/em><\/p>\n\n\n\n<ul>\n<li>Profesorado de <a href=\"https:\/\/ens9002-infd.mendoza.edu.ar\/sitio\/wp-content\/uploads\/2026\/04\/Correlatividades-PAV.pdf\" data-type=\"URL\" data-id=\"https:\/\/ens9002-infd.mendoza.edu.ar\/sitio\/wp-content\/uploads\/2026\/04\/Correlatividades-PAV.pdf\" target=\"_blank\" rel=\"noreferrer noopener\">Artes Visuales<\/a><\/li>\n\n\n\n<li>Profesorado de <a rel=\"noreferrer noopener\" href=\"https:\/\/ens9002-infd.mendoza.edu.ar\/sitio\/wp-content\/uploads\/2025\/02\/Correlatividades-P.E.ESPECIAL.pdf\" data-type=\"URL\" data-id=\"https:\/\/ens9002-infd.mendoza.edu.ar\/sitio\/wp-content\/uploads\/2025\/02\/Correlatividades-P.E.ESPECIAL.pdf\" target=\"_blank\">Educaci\u00f3n Especial<\/a><\/li>\n\n\n\n<li>Profesorado de <a href=\"https:\/\/drive.google.com\/drive\/u\/1\/folders\/1Vn6CvaX16ag02TyHhIbbALdsOXV3G16C\" data-type=\"URL\" data-id=\"https:\/\/drive.google.com\/drive\/u\/1\/folders\/1Vn6CvaX16ag02TyHhIbbALdsOXV3G16C\" target=\"_blank\" rel=\"noreferrer noopener\">Educaci\u00f3n Inicial<\/a><\/li>\n\n\n\n<li>Profesorado de <a rel=\"noreferrer noopener\" href=\"https:\/\/ens9002-infd.mendoza.edu.ar\/sitio\/wp-content\/uploads\/2025\/02\/Correlatividades-PEP.pdf\" data-type=\"URL\" data-id=\"https:\/\/ens9002-infd.mendoza.edu.ar\/sitio\/wp-content\/uploads\/2025\/02\/Correlatividades-PEP.pdf\" target=\"_blank\">Educaci\u00f3n Primaria<\/a><\/li>\n\n\n\n<li>Profesorado de <a href=\"https:\/\/ens9002-infd.mendoza.edu.ar\/sitio\/wp-content\/uploads\/2025\/02\/Correlatividades-P.LENGUA-Y-LITERATURA.pdf\" data-type=\"URL\" data-id=\"https:\/\/ens9002-infd.mendoza.edu.ar\/sitio\/wp-content\/uploads\/2025\/02\/Correlatividades-P.LENGUA-Y-LITERATURA.pdf\" target=\"_blank\" rel=\"noreferrer noopener\">Educaci\u00f3n Secundaria en Lengua y Literatura<\/a><\/li>\n\n\n\n<li>Profesorado de <a href=\"https:\/\/ens9002-infd.mendoza.edu.ar\/sitio\/wp-content\/uploads\/2025\/02\/Correlatividades-P.MATEMATICA.pdf\" data-type=\"URL\" data-id=\"https:\/\/ens9002-infd.mendoza.edu.ar\/sitio\/wp-content\/uploads\/2025\/02\/Correlatividades-P.MATEMATICA.pdf\" target=\"_blank\" rel=\"noreferrer noopener\">Educaci\u00f3n Secundaria en Matem\u00e1tica<\/a><\/li>\n<\/ul>\n","protected":false},"excerpt":{"rendered":"<p>CLICK AQUI PARA INSCRIPCIONES EN EL SISTEMA DES CALENDARIOS Y HORARIOS CAMPUS VIRTUAL BEDEL\u00cdAS INFORMACI\u00d3N DE INTER\u00c9S PARA INGRESANTES DOCUMENTACI\u00d3N A PRESENTAR Luego de rendir los ex\u00e1menes de ingreso y constatar que ingresaste a primer a\u00f1o de cualquiera de nuestras carreras, es necesario que presentes la documentaci\u00f3n que detallamos abajo. Deb\u00e9s enviarla por correo electr\u00f3nico &#8230; <a title=\"Info estudiantes\" class=\"read-more\" href=\"https:\/\/ens9002-infd.mendoza.edu.ar\/sitio\/informacion-para-alumnos\/\" aria-label=\"More on Info estudiantes\">[+]<\/a><\/p>\n","protected":false},"author":5332,"featured_media":0,"parent":0,"menu_order":0,"comment_status":"closed","ping_status":"closed","template":"","meta":[],"acf":[],"_links":{"self":[{"href":"https:\/\/ens9002-infd.mendoza.edu.ar\/sitio\/wp-json\/wp\/v2\/pages\/1979"}],"collection":[{"href":"https:\/\/ens9002-infd.mendoza.edu.ar\/sitio\/wp-json\/wp\/v2\/pages"}],"about":[{"href":"https:\/\/ens9002-infd.mendoza.edu.ar\/sitio\/wp-json\/wp\/v2\/types\/page"}],"author":[{"embeddable":true,"href":"https:\/\/ens9002-infd.mendoza.edu.ar\/sitio\/wp-json\/wp\/v2\/users\/5332"}],"replies":[{"embeddable":true,"href":"https:\/\/ens9002-infd.mendoza.edu.ar\/sitio\/wp-json\/wp\/v2\/comments?post=1979"}],"version-history":[{"count":347,"href":"https:\/\/ens9002-infd.mendoza.edu.ar\/sitio\/wp-json\/wp\/v2\/pages\/1979\/revisions"}],"predecessor-version":[{"id":20527,"href":"https:\/\/ens9002-infd.mendoza.edu.ar\/sitio\/wp-json\/wp\/v2\/pages\/1979\/revisions\/20527"}],"wp:attachment":[{"href":"https:\/\/ens9002-infd.mendoza.edu.ar\/sitio\/wp-json\/wp\/v2\/media?parent=1979"}],"curies":[{"name":"wp","href":"https:\/\/api.w.org\/{rel}","templated":true}]}}